{"id":13072,"date":"2024-08-19T19:38:59","date_gmt":"2024-08-19T17:38:59","guid":{"rendered":"https:\/\/wolkenblau.at\/wolkenblau-manager-de-transition-des-finances\/"},"modified":"2025-03-04T08:30:28","modified_gmt":"2025-03-04T07:30:28","slug":"wolkenblau-manager-de-transition-des-finances","status":"publish","type":"page","link":"https:\/\/wolkenblau.at\/fr\/","title":{"rendered":"Wolkenblau : manager de transition des finances"},"content":{"rendered":"<p>[et_pb_section fb_built=\u00a0\u00bb1&Prime; admin_label=\u00a0\u00bbCategories\u00a0\u00bb _builder_version=\u00a0\u00bb4.22.1&Prime; background_color=\u00a0\u00bb#0000B4&Prime; background_image=\u00a0\u00bbhttps:\/\/wolkenrot.at\/wb\/wp-content\/uploads\/sites\/5\/2020\/09\/financial-advisor-background-4.png\u00a0\u00bb background_size=\u00a0\u00bbinitial\u00a0\u00bb background_position=\u00a0\u00bbbottom_center\u00a0\u00bb custom_margin=\u00a0\u00bb-30px||||false|false\u00a0\u00bb global_colors_info=\u00a0\u00bb{}\u00a0\u00bb][et_pb_row custom_padding_last_edited=\u00a0\u00bboff|desktop\u00a0\u00bb admin_label=\u00a0\u00bbZone de h\u00e9ros\u00a0\u00bb _builder_version=\u00a0\u00bb4.21.2&Prime; _module_preset=\u00a0\u00bbdefault\u00a0\u00bb background_color=\u00a0\u00bb#0000b4&Prime; custom_margin=\u00a0\u00bb-15px|auto|0px|auto|false|false\u00a0\u00bb custom_padding=\u00a0\u00bb0px|0px|0px|0px|false|false\u00a0\u00bb global_colors_info=\u00a0\u00bb{}\u00a0\u00bb][et_pb_column type=\u00a0\u00bb4_4&Prime; _builder_version=\u00a0\u00bb4.16&Prime; _module_preset=\u00a0\u00bbdefault\u00a0\u00bb custom_padding=\u00a0\u00bb|||\u00a0\u00bb global_colors_info=\u00a0\u00bb{}\u00a0\u00bb custom_padding__hover=\u00a0\u00bb|||\u00a0\u00bb][et_pb_text disabled_on=\u00a0\u00bbon|off|off\u00a0\u00bb admin_label=\u00a0\u00bbIntro Desktop\u00a0\u00bb _builder_version=\u00a0\u00bb4.21.2&Prime; _module_preset=\u00a0\u00bb8f29438c-5521-4d10-a1cc-34b1cf3db85e\u00a0\u00bb text_text_color=\u00a0\u00bb#ffffff\u00a0\u00bb text_line_height=\u00a0\u00bb1.6em\u00a0\u00bb header_font=\u00a0\u00bb|600|||||||\u00a0\u00bb header_text_color=\u00a0\u00bb#f3f2f1&Prime; header_font_size=\u00a0\u00bb50px\u00a0\u00bb header_line_height=\u00a0\u00bb1.5em\u00a0\u00bb width=\u00a0\u00bb100%\u00a0\u00bb global_colors_info=\u00a0\u00bb{}\u00a0\u00bb]<\/p>\n<h1 class=\"hero\">Wolkenblau<br \/>est <span class=\"insert-icon\">v<\/span> <span class=\"handwritten-insert\">absolument <\/span>l&rsquo;\u00e9quipe la plus brillante<br \/>pour le management de transition en finance.<\/h1>\n<p>[\/et_pb_text][et_pb_text disabled_on=\u00a0\u00bboff|on|on\u00a0\u00bb admin_label=\u00a0\u00bbIntro Mobil\u00a0\u00bb _builder_version=\u00a0\u00bb4.21.2&Prime; _module_preset=\u00a0\u00bb8f29438c-5521-4d10-a1cc-34b1cf3db85e\u00a0\u00bb text_text_color=\u00a0\u00bb#ffffff\u00a0\u00bb text_line_height=\u00a0\u00bb1.6em\u00a0\u00bb header_font=\u00a0\u00bb|600|||||||\u00a0\u00bb header_text_color=\u00a0\u00bb#f3f2f1&Prime; header_font_size=\u00a0\u00bb50px\u00a0\u00bb header_line_height=\u00a0\u00bb1.5em\u00a0\u00bb width=\u00a0\u00bb100%\u00a0\u00bb global_colors_info=\u00a0\u00bb{}\u00a0\u00bb]<\/p>\n<h1 class=\"hero\">Wolkenblau<br \/>est <span class=\"insert-icon\">v<\/span> <span class=\"handwritten-insert\">absolument <\/span>l&rsquo;\u00e9quipe la plus brillante<br \/>pour le management de transition en finance.<\/h1>\n<p>[\/et_pb_text][\/et_pb_column][\/et_pb_row][\/et_pb_section][et_pb_section fb_built=\u00a0\u00bb1&Prime; _builder_version=\u00a0\u00bb4.21.2&Prime; _module_preset=\u00a0\u00bbdefault\u00a0\u00bb background_color=\u00a0\u00bb#F2F2F2&Prime; global_colors_info=\u00a0\u00bb{}\u00a0\u00bb][et_pb_row admin_label=\u00a0\u00bbIntroduction\u00a0\u00bb _builder_version=\u00a0\u00bb4.21.2&Prime; _module_preset=\u00a0\u00bbdefault\u00a0\u00bb background_color=\u00a0\u00bbRGBA(255,255,255,0)\u00a0\u00bb custom_margin=\u00a0\u00bb||||false|false\u00a0\u00bb custom_padding=\u00a0\u00bb10rem||6rem||false|false\u00a0\u00bb global_colors_info=\u00a0\u00bb{}\u00a0\u00bb][et_pb_column type=\u00a0\u00bb4_4&Prime; _builder_version=\u00a0\u00bb4.16&Prime; _module_preset=\u00a0\u00bbdefault\u00a0\u00bb global_colors_info=\u00a0\u00bb{}\u00a0\u00bb][et_pb_text admin_label=\u00a0\u00bbEinleitung\u00a0\u00bb _builder_version=\u00a0\u00bb4.21.2&Prime; _module_preset=\u00a0\u00bb3ca1e318-bc08-4838-9e09-82e0aaa6b1b1&Prime; header_2_text_align=\u00a0\u00bbcenter\u00a0\u00bb header_2_text_color=\u00a0\u00bb#0A0A0A\u00a0\u00bb header_2_font_size=\u00a0\u00bb24px\u00a0\u00bb max_width=\u00a0\u00bb800px\u00a0\u00bb module_alignment=\u00a0\u00bbcenter\u00a0\u00bb global_colors_info=\u00a0\u00bb{}\u00a0\u00bb]<\/p>\n<h2>Notre \u00e9quipe financi\u00e8re est \u00e0 vos c\u00f4t\u00e9s pour renforcer votre entreprise de mani\u00e8re durable. De la comptabilit\u00e9 au directeur financier, nous nous concentrons sur le respect des d\u00e9lais, la r\u00e9alisation des objectifs et la garantie de la performance \u00e0 long terme. <\/h2>\n<p>[\/et_pb_text][\/et_pb_column][\/et_pb_row][et_pb_row column_structure=\u00a0\u00bb1_4,1_4,1_4,1_4&Prime; make_equal=\u00a0\u00bbon\u00a0\u00bb disabled_on=\u00a0\u00bbon|on|on\u00a0\u00bb admin_label=\u00a0\u00bbservices\u00a0\u00bb module_id=\u00a0\u00bbleistungen-neu\u00a0\u00bb module_class=\u00a0\u00bbleistungsboxen-neu\u00a0\u00bb _builder_version=\u00a0\u00bb4.21.2&Prime; background_color=\u00a0\u00bbRGBA(255,255,255,0)\u00a0\u00bb background_enable_color=\u00a0\u00bboff\u00a0\u00bb max_width=\u00a0\u00bb1788px\u00a0\u00bb min_height=\u00a0\u00bb480.7px\u00a0\u00bb custom_margin=\u00a0\u00bb0px|auto||auto|false|false\u00a0\u00bb custom_padding=\u00a0\u00bb0px||||false|false\u00a0\u00bb custom_css_main_element=\u00a0\u00bbbackground:\u00a0\u00bb border_color_all=\u00a0\u00bb#F63500&Prime; disabled=\u00a0\u00bbon\u00a0\u00bb saved_tabs=\u00a0\u00bball\u00a0\u00bb locked=\u00a0\u00bboff\u00a0\u00bb global_colors_info=\u00a0\u00bb{}\u00a0\u00bb][et_pb_column type=\u00a0\u00bb1_4&Prime; _builder_version=\u00a0\u00bb4.21.2&Prime; background_enable_color=\u00a0\u00bboff\u00a0\u00bb custom_padding=\u00a0\u00bb50px|30px|50px|30px|true|true\u00a0\u00bb border_color_all=\u00a0\u00bbRGBA(255,255,255,0)\u00a0\u00bb border_style_all=\u00a0\u00bbnone\u00a0\u00bb global_colors_info=\u00a0\u00bb{}\u00a0\u00bb][et_pb_cta button_url=\u00a0\u00bbhttps:\/\/wolkenblau.at\/leistungen\/\u00a0\u00bb button_text=\u00a0\u00bbEn savoir plus\u00a0\u00bb admin_label=\u00a0\u00bbGestion int\u00e9rimaire des RH\u00a0\u00bb _builder_version=\u00a0\u00bb4.21.2&Prime; _module_preset=\u00a0\u00bbdefault\u00a0\u00bb header_font=\u00a0\u00bb|600|||||||\u00a0\u00bb body_font=\u00a0\u00bb||||||||\u00a0\u00bb body_text_color=\u00a0\u00bb#333333&Prime; background_enable_color=\u00a0\u00bboff\u00a0\u00bb use_background_color=\u00a0\u00bboff\u00a0\u00bb border_color_all=\u00a0\u00bb#F63500&Prime; global_colors_info=\u00a0\u00bb{}\u00a0\u00bb]<\/p>\n<p><img loading=\"lazy\" decoding=\"async\" src=\"https:\/\/wolkenblau.at\/wp-content\/uploads\/sites\/5\/2023\/08\/wolkenblau-icon-bulb.png\" width=\"112\" height=\"112\" alt=\"\" class=\"wp-image-11132 alignnone size-full\"><\/p>\n<h2 style=\"margin: 0px;text-align: left\"><span style=\"font-size: x-large;font-family: inherit\">Optimisation des processus<\/span><\/h2>\n<h3 style=\"text-align: left\"><strong><span style=\"color: #0000b4\">La complexit\u00e9 surcharge votre organisation ?<\/span><\/strong><\/h3>\n<p style=\"text-align: left\">Au sein de votre entreprise nous d\u00e9veloppons<br \/>des am\u00e9liorations pour les processus et les m\u00e9thodes de travail.<\/p>\n<p style=\"text-align: left\">Nous mettons directement en \u0153uvre des mesures et aidons votre \u00e9quipe \u00e0 rattraper des retards.<\/p>\n<p style=\"text-align: left\">[\/et_pb_cta][\/et_pb_column][et_pb_column type=\u00a0\u00bb1_4&Prime; _builder_version=\u00a0\u00bb4.21.0&Prime; custom_padding=\u00a0\u00bb50px|30px|50px|30px|true|true\u00a0\u00bb border_color_all=\u00a0\u00bbRGBA(255,255,255,0)\u00a0\u00bb border_style_all=\u00a0\u00bbnone\u00a0\u00bb global_colors_info=\u00a0\u00bb{}\u00a0\u00bb][et_pb_cta button_url=\u00a0\u00bbhttps:\/\/wolkenblau.at\/leistungen\/\u00a0\u00bb button_text=\u00a0\u00bbEn savoir plus\u00a0\u00bb admin_label=\u00a0\u00bbRecrutement int\u00e9rimaire de RH\u00a0\u00bb _builder_version=\u00a0\u00bb4.21.2&Prime; _module_preset=\u00a0\u00bbdefault\u00a0\u00bb header_font=\u00a0\u00bb|600|||||||\u00a0\u00bb body_font=\u00a0\u00bb||||||||\u00a0\u00bb body_text_color=\u00a0\u00bb#333333&Prime; background_enable_color=\u00a0\u00bboff\u00a0\u00bb use_background_color=\u00a0\u00bboff\u00a0\u00bb border_color_all=\u00a0\u00bb#F63500&Prime; global_colors_info=\u00a0\u00bb{}\u00a0\u00bb]<\/p>\n<p><img loading=\"lazy\" decoding=\"async\" src=\"https:\/\/wolkenblau.at\/wp-content\/uploads\/sites\/5\/2023\/08\/wolkenblau-icon-send.png\" width=\"111\" height=\"111\" alt=\"\" class=\"wp-image-11130 alignnone size-full\"><span style=\"font-size: x-large\"><\/span><\/p>\n<h2 style=\"margin: 0px;text-align: left\"><span style=\"font-size: x-large\">Remplacement temporaire<\/span><\/h2>\n<h3 style=\"text-align: left\"><strong><span style=\"color: #0000b4\">Vous avez des difficult\u00e9s dans votre \u00e9quipe financi\u00e8re ?<\/span><\/strong><\/h3>\n<p style=\"text-align: left\">Nous mettons rapidement et simplement des professionnels de la finance \u00e0 votre disposition.<\/p>\n<p style=\"text-align: left\">Profitez du savoir-faire de nos experts qui s&rsquo;occupent en toute fiabilit\u00e9 des t\u00e2ches dans votre domaine financier.<\/p>\n<p style=\"text-align: left\">[\/et_pb_cta][\/et_pb_column][et_pb_column type=\u00a0\u00bb1_4&Prime; _builder_version=\u00a0\u00bb4.21.0&Prime; custom_padding=\u00a0\u00bb50px|30px|50px|30px|true|true\u00a0\u00bb border_color_all=\u00a0\u00bbRGBA(255,255,255,0)\u00a0\u00bb border_style_all=\u00a0\u00bbnone\u00a0\u00bb global_colors_info=\u00a0\u00bb{}\u00a0\u00bb][et_pb_cta button_url=\u00a0\u00bbhttps:\/\/wolkenblau.at\/leistungen\/\u00a0\u00bb button_text=\u00a0\u00bbEn savoir plus\u00a0\u00bb admin_label=\u00a0\u00bbGestion int\u00e9rimaire des RH\u00a0\u00bb _builder_version=\u00a0\u00bb4.21.2&Prime; _module_preset=\u00a0\u00bbdefault\u00a0\u00bb header_font=\u00a0\u00bb|600|||||||\u00a0\u00bb body_font=\u00a0\u00bb||||||||\u00a0\u00bb body_text_color=\u00a0\u00bb#333333&Prime; background_enable_color=\u00a0\u00bboff\u00a0\u00bb use_background_color=\u00a0\u00bboff\u00a0\u00bb border_color_all=\u00a0\u00bb#F63500&Prime; global_colors_info=\u00a0\u00bb{}\u00a0\u00bb]<\/p>\n<p><img loading=\"lazy\" decoding=\"async\" src=\"https:\/\/wolkenblau.at\/wp-content\/uploads\/sites\/5\/2023\/08\/wolkenblau-icon-file.png\" width=\"111\" height=\"111\" alt=\"\" class=\"wp-image-11126 alignnone size-full\"><\/p>\n<h2 style=\"margin: 0px;text-align: left\"><span style=\"font-size: x-large;font-family: inherit\">Num\u00e9risation<\/span><\/h2>\n<h3 style=\"text-align: left\"><strong><span style=\"color: #0000b4\">Vous voulez que votre \u00e9quipe financi\u00e8re soit pr\u00eate \u00e0 affronter le changement ?<\/span><\/strong><\/h3>\n<p style=\"text-align: left\">Nous vous accompagnons dans la mise en \u0153uvre strat\u00e9gique et op\u00e9rationnelle du changement au sein de votre entreprise.<\/p>\n<p style=\"text-align: left\">Nous vous donnons le temps de vous concentrer sur le processus de transformation.<\/p>\n<p style=\"text-align: left\">[\/et_pb_cta][\/et_pb_column][et_pb_column type=\u00a0\u00bb1_4&Prime; _builder_version=\u00a0\u00bb4.21.0&Prime; custom_padding=\u00a0\u00bb50px|30px|50px|30px|true|true\u00a0\u00bb border_color_all=\u00a0\u00bbRGBA(255,255,255,0)\u00a0\u00bb border_style_all=\u00a0\u00bbnone\u00a0\u00bb global_colors_info=\u00a0\u00bb{}\u00a0\u00bb][et_pb_cta button_url=\u00a0\u00bbhttps:\/\/wolkenblau.at\/leistungen\/\u00a0\u00bb button_text=\u00a0\u00bbEn savoir plus\u00a0\u00bb admin_label=\u00a0\u00bbRecrutement int\u00e9rimaire de RH\u00a0\u00bb _builder_version=\u00a0\u00bb4.21.2&Prime; _module_preset=\u00a0\u00bbdefault\u00a0\u00bb header_font=\u00a0\u00bb|600|||||||\u00a0\u00bb body_font=\u00a0\u00bb||||||||\u00a0\u00bb body_text_color=\u00a0\u00bb#333333&Prime; background_enable_color=\u00a0\u00bboff\u00a0\u00bb use_background_color=\u00a0\u00bboff\u00a0\u00bb border_color_all=\u00a0\u00bb#F63500&Prime; global_colors_info=\u00a0\u00bb{}\u00a0\u00bb]<\/p>\n<p><img loading=\"lazy\" decoding=\"async\" src=\"https:\/\/wolkenblau.at\/wp-content\/uploads\/sites\/5\/2023\/08\/wolkenblau-icon-laptop.png\" width=\"111\" height=\"111\" alt=\"\" class=\"wp-image-11127 alignnone size-full\"><\/p>\n<h2 style=\"margin: 0px;text-align: left\"><span style=\"font-size: x-large\">Turnaround<\/span><\/h2>\n<h3 style=\"text-align: left\"><strong><span style=\"color: #0000b4\">Avez-vous besoin de renforts pour faire face \u00e0 la crise ?<\/span><\/strong><\/h3>\n<p style=\"text-align: left\">Nous avons l&rsquo;exp\u00e9rience des crises et nous fournissons des r\u00e9sultats quand d&rsquo;autres s&rsquo;enfuient.<\/p>\n<p style=\"text-align: left\">Gr\u00e2ce \u00e0 notre approche structur\u00e9e et \u00e0 notre exp\u00e9rience des situations de redressement, nous vous aidons \u00e0 sortir de la crise.<\/p>\n<p style=\"text-align: left\">\n<p>[\/et_pb_cta][\/et_pb_column][\/et_pb_row][et_pb_row column_structure=\u00a0\u00bb1_2,1_2&Prime; admin_label=\u00a0\u00bbServices\u00a0\u00bb _builder_version=\u00a0\u00bb4.21.2&Prime; _module_preset=\u00a0\u00bbdefault\u00a0\u00bb global_colors_info=\u00a0\u00bb{}\u00a0\u00bb][et_pb_column type=\u00a0\u00bb1_2&Prime; _builder_version=\u00a0\u00bb4.21.2&Prime; _module_preset=\u00a0\u00bbdefault\u00a0\u00bb global_colors_info=\u00a0\u00bb{}\u00a0\u00bb][et_pb_cta title=\u00a0\u00bbOptimisation des processus\u00a0\u00bb button_url=\u00a0\u00bbhttps:\/\/wolkenblau.at\/leistungen\/\u00a0\u00bb button_text=\u00a0\u00bbEn savoir plus\u00a0\u00bb admin_label=\u00a0\u00bbOptimisation des processus\u00a0\u00bb _builder_version=\u00a0\u00bb4.21.2&Prime; _module_preset=\u00a0\u00bbdefault\u00a0\u00bb header_level=\u00a0\u00bbh3&Prime; header_text_color=\u00a0\u00bb#0A0A0A\u00a0\u00bb background_enable_color=\u00a0\u00bboff\u00a0\u00bb use_background_color=\u00a0\u00bboff\u00a0\u00bb custom_margin=\u00a0\u00bb||8rem||false|false\u00a0\u00bb custom_css_main_element=\u00a0\u00bbmax-width: 490px;\u00a0\u00bb border_color_all=\u00a0\u00bb#F63500&Prime; global_colors_info=\u00a0\u00bb{}\u00a0\u00bb]<\/p>\n<h5 style=\"color:#0000B4;max-width:400px\">La complexit\u00e9 surcharge votre organisation ?<\/h5>\n<p>Au sein de votre entreprise nous d\u00e9veloppons<br \/>des am\u00e9liorations pour les processus et les m\u00e9thodes de travail.<\/p>\n<p>Nous mettons directement en \u0153uvre des mesures et aidons votre \u00e9quipe \u00e0 rattraper des retards.<\/p>\n<p>[\/et_pb_cta][et_pb_cta title=\u00a0\u00bbNum\u00e9risation\u00a0\u00bb button_url=\u00a0\u00bbhttps:\/\/wolkenblau.at\/leistungen\/\u00a0\u00bb button_text=\u00a0\u00bbEn savoir plus\u00a0\u00bb admin_label=\u00a0\u00bbNum\u00e9risation\u00a0\u00bb _builder_version=\u00a0\u00bb4.21.2&Prime; _module_preset=\u00a0\u00bbdefault\u00a0\u00bb header_level=\u00a0\u00bbh3&Prime; header_font=\u00a0\u00bb|600|||||||\u00a0\u00bb header_text_color=\u00a0\u00bb#0A0A0A\u00a0\u00bb body_font=\u00a0\u00bb||||||||\u00a0\u00bb background_enable_color=\u00a0\u00bboff\u00a0\u00bb use_background_color=\u00a0\u00bboff\u00a0\u00bb custom_margin=\u00a0\u00bb||6rem||false|false\u00a0\u00bb border_color_all=\u00a0\u00bb#F63500&Prime; global_colors_info=\u00a0\u00bb{}\u00a0\u00bb]<\/p>\n<h5 style=\"color: #0000b4;max-width: 400px\">Vous voulez que votre \u00e9quipe financi\u00e8re soit pr\u00eate \u00e0 affronter le changement ?<\/h5>\n<p>Nous vous accompagnons dans la mise en \u0153uvre strat\u00e9gique et op\u00e9rationnelle du changement au sein de votre entreprise.<\/p>\n<p>Et nous vous donnons le temps de vous concentrer sur le processus de transformation.<\/p>\n<p>[\/et_pb_cta][\/et_pb_column][et_pb_column type=\u00a0\u00bb1_2&Prime; _builder_version=\u00a0\u00bb4.21.2&Prime; _module_preset=\u00a0\u00bbdefault\u00a0\u00bb global_colors_info=\u00a0\u00bb{}\u00a0\u00bb][et_pb_cta title=\u00a0\u00bbRemplacement temporaire\u00a0\u00bb button_url=\u00a0\u00bbhttps:\/\/wolkenblau.at\/leistungen\/\u00a0\u00bb button_text=\u00a0\u00bbEn savoir plus\u00a0\u00bb admin_label=\u00a0\u00bbRemplacement temporaire\u00a0\u00bb _builder_version=\u00a0\u00bb4.21.2&Prime; _module_preset=\u00a0\u00bbdefault\u00a0\u00bb header_level=\u00a0\u00bbh3&Prime; header_text_color=\u00a0\u00bb#0A0A0A\u00a0\u00bb background_enable_color=\u00a0\u00bboff\u00a0\u00bb use_background_color=\u00a0\u00bboff\u00a0\u00bb custom_margin=\u00a0\u00bb||8rem||false|false\u00a0\u00bb custom_css_main_element=\u00a0\u00bbmax-width: 490px;\u00a0\u00bb border_color_all=\u00a0\u00bb#F63500&Prime; global_colors_info=\u00a0\u00bb{}\u00a0\u00bb]<\/p>\n<h5 style=\"color:#0000B4;max-width:400px\">Vous avez des difficult\u00e9s dans votre \u00e9quipe financi\u00e8re ?<\/h5>\n<p>Nous mettons rapidement et simplement des professionnels de la finance \u00e0 votre disposition.<\/p>\n<p>Profitez du savoir-faire de nos experts qui s&rsquo;occupent en toute fiabilit\u00e9 des t\u00e2ches dans votre domaine financier.<\/p>\n<p>[\/et_pb_cta][et_pb_cta title=\u00a0\u00bbTurnaround\u00a0\u00bb button_url=\u00a0\u00bbhttps:\/\/wolkenblau.at\/turnaround\/\u00a0\u00bb button_text=\u00a0\u00bbEn savoir plus\u00a0\u00bb admin_label=\u00a0\u00bbTurnaround\u00a0\u00bb _builder_version=\u00a0\u00bb4.22.1&Prime; _module_preset=\u00a0\u00bbdefault\u00a0\u00bb header_level=\u00a0\u00bbh3&Prime; header_font=\u00a0\u00bb|600|||||||\u00a0\u00bb body_font=\u00a0\u00bb||||||||\u00a0\u00bb background_enable_color=\u00a0\u00bboff\u00a0\u00bb use_background_color=\u00a0\u00bboff\u00a0\u00bb custom_margin=\u00a0\u00bb||6rem||false|false\u00a0\u00bb border_color_all=\u00a0\u00bb#F63500&Prime; global_colors_info=\u00a0\u00bb{}\u00a0\u00bb]<\/p>\n<h5 style=\"color: #0000b4;max-width: 400px\">Avez-vous besoin de renforts pour faire face \u00e0 la crise ?<\/h5>\n<p>Nous avons l&rsquo;exp\u00e9rience des crises et nous fournissons des r\u00e9sultats quand d&rsquo;autres s&rsquo;enfuient.<\/p>\n<p>Gr\u00e2ce \u00e0 notre approche structur\u00e9e et \u00e0 notre exp\u00e9rience des situations de redressement, nous vous aidons \u00e0 sortir de la crise.<\/p>\n<p>[\/et_pb_cta][\/et_pb_column][\/et_pb_row][\/et_pb_section][et_pb_section fb_built=\u00a0\u00bb1&Prime; disabled_on=\u00a0\u00bbon|on|on\u00a0\u00bb module_class=\u00a0\u00bbreferenz-logos\u00a0\u00bb _builder_version=\u00a0\u00bb4.21.2&Prime; _module_preset=\u00a0\u00bb52992ff3-68dc-45a6-8132-ba2a1aff7a4a\u00a0\u00bb disabled=\u00a0\u00bbon\u00a0\u00bb global_colors_info=\u00a0\u00bb{}\u00a0\u00bb][et_pb_row _builder_version=\u00a0\u00bb4.21.0&Prime; _module_preset=\u00a0\u00bbdefault\u00a0\u00bb custom_margin=\u00a0\u00bb1px|auto||auto||\u00a0\u00bb global_colors_info=\u00a0\u00bb{}\u00a0\u00bb][et_pb_column type=\u00a0\u00bb4_4&Prime; _builder_version=\u00a0\u00bb4.21.0&Prime; _module_preset=\u00a0\u00bbdefault\u00a0\u00bb global_colors_info=\u00a0\u00bb{}\u00a0\u00bb][et_pb_text _builder_version=\u00a0\u00bb4.21.2&Prime; _module_preset=\u00a0\u00bbdefault\u00a0\u00bb background_color=\u00a0\u00bb#f2f2f2&Prime; max_width=\u00a0\u00bb81%\u00a0\u00bb custom_padding=\u00a0\u00bb25px|25px|25px|25px|false|false\u00a0\u00bb custom_css_before=\u00a0\u00bb||    content: %221%22;||    font-size: 2em; \/* Hier k\u00f6nnen Sie die Schriftgr\u00f6\u00dfe anpassen *\/||    vertical-align: middle;||    margin-right: 0.5em; \/* F\u00fcgen Sie optional einen Abstand zwischen der Nummer und dem Text hinzu *\/|| color: #0A0A0A;\u00a0\u00bb border_radii=\u00a0\u00bbon|20px|20px|20px|20px\u00a0\u00bb global_colors_info=\u00a0\u00bb{}\u00a0\u00bb]<\/p>\n<p style=\"padding-left: 40px\"><span style=\"color: #0a0a0a\"><strong>Clarification du probl\u00e8me<\/strong><\/span><br \/>Au cours de cette phase, le probl\u00e8me est examin\u00e9 en d\u00e9tail et d\u00e9fini avec pr\u00e9cision.<\/p>\n<p>[\/et_pb_text][et_pb_text _builder_version=\u00a0\u00bb4.21.2&Prime; _module_preset=\u00a0\u00bbdefault\u00a0\u00bb background_color=\u00a0\u00bb#f2f2f2&Prime; max_width=\u00a0\u00bb81%\u00a0\u00bb custom_padding=\u00a0\u00bb25px|25px|25px|25px|false|false\u00a0\u00bb custom_css_before=\u00a0\u00bb||    content: %222%22;||    font-size: 2em; \/* Hier k\u00f6nnen Sie die Schriftgr\u00f6\u00dfe anpassen *\/||    vertical-align: middle;||    margin-right: 0.5em; \/* F\u00fcgen Sie optional einen Abstand zwischen der Nummer und dem Text hinzu *\/||\t\tmargin-top: 2em; ||color: #0A0A0A;\u00a0\u00bb border_radii=\u00a0\u00bbon|20px|20px|20px|20px\u00a0\u00bb global_colors_info=\u00a0\u00bb{}\u00a0\u00bb]<\/p>\n<p style=\"padding-left: 40px\"><span style=\"color: #0a0a0a\"><b>D\u00e9finition des priorit\u00e9s<br \/><\/b><\/span>Au cours de cette phase, le probl\u00e8me est \u00e9tudi\u00e9 en profondeur et d\u00e9fini avec pr\u00e9cision.<\/p>\n<p>[\/et_pb_text][et_pb_text _builder_version=\u00a0\u00bb4.21.2&Prime; _module_preset=\u00a0\u00bbdefault\u00a0\u00bb background_color=\u00a0\u00bb#f2f2f2&Prime; max_width=\u00a0\u00bb81%\u00a0\u00bb custom_padding=\u00a0\u00bb25px|25px|25px|25px|false|false\u00a0\u00bb custom_css_before=\u00a0\u00bb||    content: %223%22;||    font-size: 2em; \/* Hier k\u00f6nnen Sie die Schriftgr\u00f6\u00dfe anpassen *\/||    vertical-align: middle;||    margin-right: 0.5em; \/* F\u00fcgen Sie optional einen Abstand zwischen der Nummer und dem Text hinzu *\/|| color: #0A0A0A;||\u00a0\u00bb border_radii=\u00a0\u00bbon|20px|20px|20px|20px\u00a0\u00bb global_colors_info=\u00a0\u00bb{}\u00a0\u00bb]<\/p>\n<p style=\"padding-left: 40px\"><span style=\"color: #0a0a0a\"><strong>Approche de la solution<\/strong><\/span><br \/>Au cours de cette phase, le probl\u00e8me est \u00e9tudi\u00e9 en profondeur et d\u00e9fini avec pr\u00e9cision.<\/p>\n<p>[\/et_pb_text][et_pb_text _builder_version=\u00a0\u00bb4.21.2&Prime; _module_preset=\u00a0\u00bbdefault\u00a0\u00bb background_color=\u00a0\u00bb#f2f2f2&Prime; max_width=\u00a0\u00bb81%\u00a0\u00bb custom_padding=\u00a0\u00bb25px|25px|25px|25px|false|false\u00a0\u00bb custom_css_before=\u00a0\u00bb||    content: %224%22;||    font-size: 2em; \/* Hier k\u00f6nnen Sie die Schriftgr\u00f6\u00dfe anpassen *\/||    vertical-align: bottom;||    margin-right: 0.5em; \/* F\u00fcgen Sie optional einen Abstand zwischen der Nummer und dem Text hinzu *\/||color: #0A0A0A;\u00a0\u00bb border_radii=\u00a0\u00bbon|20px|20px|20px|20px\u00a0\u00bb global_colors_info=\u00a0\u00bb{}\u00a0\u00bb]<\/p>\n<p style=\"padding-left: 40px\"><span style=\"color: #0a0a0a\"><strong>Plan de mise en \u0153uvre<\/strong><\/span><br \/>Au cours de cette phase, le probl\u00e8me est \u00e9tudi\u00e9 en d\u00e9tail et d\u00e9fini avec pr\u00e9cision.<\/p>\n<p>[\/et_pb_text][\/et_pb_column][\/et_pb_row][\/et_pb_section][et_pb_section fb_built=\u00a0\u00bb1&Prime; admin_label=\u00a0\u00bbLogos\u00a0\u00bb _builder_version=\u00a0\u00bb4.26.0&Prime; _module_preset=\u00a0\u00bbdefault\u00a0\u00bb custom_padding=\u00a0\u00bb0px|||||\u00a0\u00bb global_colors_info=\u00a0\u00bb{}\u00a0\u00bb][et_pb_row column_structure=\u00a0\u00bb1_4,1_4,1_4,1_4&Prime; admin_label=\u00a0\u00bbLigne de logo 1&Prime; module_class=\u00a0\u00bbreferenz-logos\u00a0\u00bb _builder_version=\u00a0\u00bb4.21.2&Prime; _module_preset=\u00a0\u00bbdefault\u00a0\u00bb width=\u00a0\u00bb60%\u00a0\u00bb custom_margin=\u00a0\u00bb3rem||||false|false\u00a0\u00bb custom_padding=\u00a0\u00bb||3px|||\u00a0\u00bb global_colors_info=\u00a0\u00bb{}\u00a0\u00bb][et_pb_column type=\u00a0\u00bb1_4&Prime; _builder_version=\u00a0\u00bb4.21.2&Prime; _module_preset=\u00a0\u00bbdefault\u00a0\u00bb global_colors_info=\u00a0\u00bb{}\u00a0\u00bb][et_pb_image src=\u00a0\u00bbhttps:\/\/wolkenblau.at\/wp-content\/uploads\/sites\/5\/2024\/08\/Design-ohne-Titel-10.png\u00a0\u00bb alt=\u00a0\u00bbCA IMMO\u00a0\u00bb title_text=\u00a0\u00bbDesign sans titre (10)\u00a0\u00bb align=\u00a0\u00bbcenter\u00a0\u00bb admin_label=\u00a0\u00bbLoomis\u00a0\u00bb _builder_version=\u00a0\u00bb4.26.0&Prime; _module_preset=\u00a0\u00bbdefault\u00a0\u00bb custom_margin=\u00a0\u00bb||||false|false\u00a0\u00bb filter_saturate=\u00a0\u00bb14%\u00a0\u00bb filter_opacity=\u00a0\u00bb95%\u00a0\u00bb mix_blend_mode=\u00a0\u00bboverlay\u00a0\u00bb global_colors_info=\u00a0\u00bb{}\u00a0\u00bb][\/et_pb_image][et_pb_image src=\u00a0\u00bbhttps:\/\/wolkenblau.at\/wp-content\/uploads\/sites\/5\/2024\/11\/Senecura-sw.png\u00a0\u00bb alt=\u00a0\u00bbCA IMMO\u00a0\u00bb title_text=\u00a0\u00bbSenecura\u00a0\u00bb url=\u00a0\u00bbhttps:\/\/wolkenblau.at\/success-story-senecura\/\u00a0\u00bb align=\u00a0\u00bbcenter\u00a0\u00bb admin_label=\u00a0\u00bbLoomis\u00a0\u00bb _builder_version=\u00a0\u00bb4.27.2&Prime; _module_preset=\u00a0\u00bbdefault\u00a0\u00bb width=\u00a0\u00bb89%\u00a0\u00bb custom_margin=\u00a0\u00bb||||false|false\u00a0\u00bb filter_saturate=\u00a0\u00bb14%\u00a0\u00bb filter_opacity=\u00a0\u00bb95%\u00a0\u00bb mix_blend_mode=\u00a0\u00bboverlay\u00a0\u00bb global_colors_info=\u00a0\u00bb{}\u00a0\u00bb][\/et_pb_image][\/et_pb_column][et_pb_column type=\u00a0\u00bb1_4&Prime; _builder_version=\u00a0\u00bb4.21.0&Prime; _module_preset=\u00a0\u00bbdefault\u00a0\u00bb global_colors_info=\u00a0\u00bb{}\u00a0\u00bb][et_pb_image src=\u00a0\u00bbhttps:\/\/wolkenblau.at\/wp-content\/uploads\/sites\/5\/2023\/08\/logo-allianz.png\u00a0\u00bb title_text=\u00a0\u00bblogo-alliance\u00a0\u00bb admin_label=\u00a0\u00bbAllianz\u00a0\u00bb _builder_version=\u00a0\u00bb4.21.2&Prime; _module_preset=\u00a0\u00bbdefault\u00a0\u00bb global_colors_info=\u00a0\u00bb{}\u00a0\u00bb][\/et_pb_image][et_pb_image src=\u00a0\u00bbhttps:\/\/wolkenblau.at\/wp-content\/uploads\/sites\/5\/2023\/08\/logo-gpv.png\u00a0\u00bb alt=\u00a0\u00bbCA IMMO\u00a0\u00bb title_text=\u00a0\u00bblogo-gpv\u00a0\u00bb url=\u00a0\u00bb@ET-DC@eyJkeW5hbWljIjp0cnVlLCJjb250ZW50IjoicG9zdF9saW5rX3VybF9wYWdlIiwic2V0dGluZ3MiOnsicG9zdF9pZCI6IjEyMjQyIiwiZW5hYmxlX2h0bWwiOiJvZmYifX0=@\u00a0\u00bb align=\u00a0\u00bbcenter\u00a0\u00bb admin_label=\u00a0\u00bbLoomis\u00a0\u00bb _builder_version=\u00a0\u00bb4.27.4&Prime; _dynamic_attributes=\u00a0\u00bburl\u00a0\u00bb _module_preset=\u00a0\u00bbdefault\u00a0\u00bb custom_margin=\u00a0\u00bb||||false|false\u00a0\u00bb custom_padding=\u00a0\u00bb0px|||||\u00a0\u00bb filter_saturate=\u00a0\u00bb14%\u00a0\u00bb filter_opacity=\u00a0\u00bb95%\u00a0\u00bb mix_blend_mode=\u00a0\u00bboverlay\u00a0\u00bb global_colors_info=\u00a0\u00bb{}\u00a0\u00bb][\/et_pb_image][\/et_pb_column][et_pb_column type=\u00a0\u00bb1_4&Prime; _builder_version=\u00a0\u00bb4.21.0&Prime; _module_preset=\u00a0\u00bbdefault\u00a0\u00bb global_colors_info=\u00a0\u00bb{}\u00a0\u00bb][et_pb_image src=\u00a0\u00bbhttps:\/\/wolkenblau.at\/wp-content\/uploads\/sites\/5\/2023\/08\/logo-cardcomplete.png\u00a0\u00bb title_text=\u00a0\u00bblogo-cardcomplete\u00a0\u00bb url=\u00a0\u00bb@ET-DC@eyJkeW5hbWljIjp0cnVlLCJjb250ZW50IjoicG9zdF9saW5rX3VybF9wYWdlIiwic2V0dGluZ3MiOnsicG9zdF9pZCI6IjEyMzcyIiwiZW5hYmxlX2h0bWwiOiJvZmYifX0=@\u00a0\u00bb admin_label=\u00a0\u00bbCard Complete\u00a0\u00bb _builder_version=\u00a0\u00bb4.27.4&Prime; _dynamic_attributes=\u00a0\u00bburl\u00a0\u00bb _module_preset=\u00a0\u00bbdefault\u00a0\u00bb global_colors_info=\u00a0\u00bb{}\u00a0\u00bb][\/et_pb_image][et_pb_image src=\u00a0\u00bbhttps:\/\/wolkenblau.at\/wp-content\/uploads\/sites\/5\/2024\/10\/Finance-Transformation-4.png\u00a0\u00bb title_text=\u00a0\u00bbFinance Transformation\u00a0\u00bb url=\u00a0\u00bb@ET-DC@eyJkeW5hbWljIjp0cnVlLCJjb250ZW50IjoicG9zdF9saW5rX3VybF9wYWdlIiwic2V0dGluZ3MiOnsicG9zdF9pZCI6IjEzMTEzIiwiZW5hYmxlX2h0bWwiOiJvZmYifX0=@\u00a0\u00bb admin_label=\u00a0\u00bbAllianz\u00a0\u00bb _builder_version=\u00a0\u00bb4.27.4&Prime; _dynamic_attributes=\u00a0\u00bburl\u00a0\u00bb _module_preset=\u00a0\u00bbdefault\u00a0\u00bb global_colors_info=\u00a0\u00bb{}\u00a0\u00bb][\/et_pb_image][\/et_pb_column][et_pb_column type=\u00a0\u00bb1_4&Prime; _builder_version=\u00a0\u00bb4.21.0&Prime; _module_preset=\u00a0\u00bbdefault\u00a0\u00bb global_colors_info=\u00a0\u00bb{}\u00a0\u00bb][et_pb_image src=\u00a0\u00bbhttps:\/\/wolkenblau.at\/wp-content\/uploads\/sites\/5\/2025\/02\/Finance-Transformation-1.png\u00a0\u00bb title_text=\u00a0\u00bbFirmenABC\u00a0\u00bb _builder_version=\u00a0\u00bb4.27.4&Prime; _module_preset=\u00a0\u00bbdefault\u00a0\u00bb global_colors_info=\u00a0\u00bb{}\u00a0\u00bb][\/et_pb_image][et_pb_image src=\u00a0\u00bbhttps:\/\/wolkenblau.at\/wp-content\/uploads\/sites\/5\/2025\/02\/8-1.png\u00a0\u00bb title_text=\u00a0\u00bb8&Prime; _builder_version=\u00a0\u00bb4.27.4&Prime; _module_preset=\u00a0\u00bbdefault\u00a0\u00bb global_colors_info=\u00a0\u00bb{}\u00a0\u00bb][\/et_pb_image][\/et_pb_column][\/et_pb_row][et_pb_row column_structure=\u00a0\u00bb1_4,1_4,1_4,1_4&Prime; disabled_on=\u00a0\u00bbon|on|on\u00a0\u00bb admin_label=\u00a0\u00bbLigne de logo 2&Prime; _builder_version=\u00a0\u00bb4.27.0&Prime; _module_preset=\u00a0\u00bbdefault\u00a0\u00bb width=\u00a0\u00bb60%\u00a0\u00bb disabled=\u00a0\u00bbon\u00a0\u00bb global_colors_info=\u00a0\u00bb{}\u00a0\u00bb][et_pb_column type=\u00a0\u00bb1_4&Prime; _builder_version=\u00a0\u00bb4.25.2&Prime; _module_preset=\u00a0\u00bbdefault\u00a0\u00bb global_colors_info=\u00a0\u00bb{}\u00a0\u00bb][et_pb_image src=\u00a0\u00bbhttps:\/\/wolkenblau.at\/wp-content\/uploads\/sites\/5\/2023\/08\/logo-coface.png\u00a0\u00bb title_text=\u00a0\u00bblogo-coface\u00a0\u00bb admin_label=\u00a0\u00bbCoface\u00a0\u00bb _builder_version=\u00a0\u00bb4.21.2&Prime; _module_preset=\u00a0\u00bbdefault\u00a0\u00bb max_width=\u00a0\u00bb75%\u00a0\u00bb global_colors_info=\u00a0\u00bb{}\u00a0\u00bb][\/et_pb_image][\/et_pb_column][et_pb_column type=\u00a0\u00bb1_4&Prime; _builder_version=\u00a0\u00bb4.21.2&Prime; _module_preset=\u00a0\u00bbdefault\u00a0\u00bb global_colors_info=\u00a0\u00bb{}\u00a0\u00bb][et_pb_image src=\u00a0\u00bbhttps:\/\/wolkenblau.at\/wp-content\/uploads\/sites\/5\/2023\/08\/logo-logicals.png\u00a0\u00bb title_text=\u00a0\u00bblogo-logicals\u00a0\u00bb admin_label=\u00a0\u00bbLogi.cals\u00a0\u00bb _builder_version=\u00a0\u00bb4.21.2&Prime; _module_preset=\u00a0\u00bbdefault\u00a0\u00bb max_width=\u00a0\u00bb75%\u00a0\u00bb global_colors_info=\u00a0\u00bb{}\u00a0\u00bb][\/et_pb_image][\/et_pb_column][et_pb_column type=\u00a0\u00bb1_4&Prime; _builder_version=\u00a0\u00bb4.21.2&Prime; _module_preset=\u00a0\u00bbdefault\u00a0\u00bb global_colors_info=\u00a0\u00bb{}\u00a0\u00bb][et_pb_image src=\u00a0\u00bbhttps:\/\/wolkenblau.at\/wp-content\/uploads\/sites\/5\/2023\/08\/logo-zkw.png\u00a0\u00bb title_text=\u00a0\u00bblogo-zkw\u00a0\u00bb admin_label=\u00a0\u00bbZKW\u00a0\u00bb _builder_version=\u00a0\u00bb4.21.2&Prime; _module_preset=\u00a0\u00bbdefault\u00a0\u00bb global_colors_info=\u00a0\u00bb{}\u00a0\u00bb][\/et_pb_image][\/et_pb_column][et_pb_column type=\u00a0\u00bb1_4&Prime; _builder_version=\u00a0\u00bb4.21.2&Prime; _module_preset=\u00a0\u00bbdefault\u00a0\u00bb global_colors_info=\u00a0\u00bb{}\u00a0\u00bb][\/et_pb_column][\/et_pb_row][\/et_pb_section][et_pb_section fb_built=\u00a0\u00bb1&Prime; admin_label=\u00a0\u00bbTestimonials\u00a0\u00bb _builder_version=\u00a0\u00bb4.21.2&Prime; _module_preset=\u00a0\u00bbdefault\u00a0\u00bb custom_margin=\u00a0\u00bb-75px||||false|false\u00a0\u00bb custom_padding=\u00a0\u00bb0px||0px||false|false\u00a0\u00bb global_colors_info=\u00a0\u00bb{}\u00a0\u00bb][et_pb_row _builder_version=\u00a0\u00bb4.21.2&Prime; _module_preset=\u00a0\u00bbdefault\u00a0\u00bb custom_padding=\u00a0\u00bb5px|||||\u00a0\u00bb global_colors_info=\u00a0\u00bb{}\u00a0\u00bb][et_pb_column type=\u00a0\u00bb4_4&Prime; _builder_version=\u00a0\u00bb4.21.0&Prime; _module_preset=\u00a0\u00bbdefault\u00a0\u00bb global_colors_info=\u00a0\u00bb{}\u00a0\u00bb][et_pb_testimonial author=\u00a0\u00bbHajni Bubrik\u00a0\u00bb job_title=\u00a0\u00bbResponsable de la comptabilit\u00e9 et de la fiscalit\u00e9\u00a0\u00bb company_name=\u00a0\u00bbCard Complete\u00a0\u00bb portrait_url=\u00a0\u00bbhttps:\/\/wolkenblau.at\/wp-content\/uploads\/sites\/5\/2023\/08\/hajnalka-bubrik.jpg\u00a0\u00bb quote_icon=\u00a0\u00bboff\u00a0\u00bb portrait_width=\u00a0\u00bb150px\u00a0\u00bb portrait_height=\u00a0\u00bb150px\u00a0\u00bb admin_label=\u00a0\u00bbHajni Bubrik\u00a0\u00bb _builder_version=\u00a0\u00bb4.25.2&Prime; _dynamic_attributes=\u00a0\u00bblink_option_url\u00a0\u00bb _module_preset=\u00a0\u00bbdefault\u00a0\u00bb author_font=\u00a0\u00bb||||||||\u00a0\u00bb author_text_align=\u00a0\u00bbcenter\u00a0\u00bb use_background_color=\u00a0\u00bboff\u00a0\u00bb text_orientation=\u00a0\u00bbcenter\u00a0\u00bb link_option_url=\u00a0\u00bb@ET-DC@eyJkeW5hbWljIjp0cnVlLCJjb250ZW50IjoicG9zdF9saW5rX3VybF9wYWdlIiwic2V0dGluZ3MiOnsicG9zdF9pZCI6IjEyMzcyIiwiZW5hYmxlX2h0bWwiOiJvZmYifX0=@\u00a0\u00bb custom_css_main_element=\u00a0\u00bbtext-align: center;\u00a0\u00bb border_radii_portrait=\u00a0\u00bbon|100px|100px|100px|100px\u00a0\u00bb global_colors_info=\u00a0\u00bb{}\u00a0\u00bb]<\/p>\n<p>\u00ab Le manager de transition s&rsquo;est adapt\u00e9 tr\u00e8s rapidement, bien que son d\u00e9marrage sans transfert \u00e9tait comme un saut dans l&rsquo;eau froide. \u00bb<\/p>\n<p>[\/et_pb_testimonial][et_pb_testimonial author=\u00a0\u00bbDoris Sch\u00f6nleitner\u00a0\u00bb job_title=\u00a0\u00bbResponsable des ressources humaines\u00a0\u00bb company_name=\u00a0\u00bbGPV Austria GmbH\u00a0\u00bb portrait_url=\u00a0\u00bbhttps:\/\/wolkenblau.at\/wp-content\/uploads\/sites\/5\/2023\/08\/doris-schoenleitner.jpg\u00a0\u00bb quote_icon=\u00a0\u00bboff\u00a0\u00bb portrait_width=\u00a0\u00bb150px\u00a0\u00bb portrait_height=\u00a0\u00bb150px\u00a0\u00bb admin_label=\u00a0\u00bbDoris Sch\u00f6nleitner\u00a0\u00bb _builder_version=\u00a0\u00bb4.25.2&Prime; _dynamic_attributes=\u00a0\u00bblink_option_url\u00a0\u00bb _module_preset=\u00a0\u00bbdefault\u00a0\u00bb author_font=\u00a0\u00bb||||||||\u00a0\u00bb author_text_align=\u00a0\u00bbcenter\u00a0\u00bb use_background_color=\u00a0\u00bboff\u00a0\u00bb text_orientation=\u00a0\u00bbcenter\u00a0\u00bb link_option_url=\u00a0\u00bb@ET-DC@eyJkeW5hbWljIjp0cnVlLCJjb250ZW50IjoicG9zdF9saW5rX3VybF9wYWdlIiwic2V0dGluZ3MiOnsicG9zdF9pZCI6IjEyMjQyIiwiZW5hYmxlX2h0bWwiOiJvZmYifX0=@\u00a0\u00bb custom_css_main_element=\u00a0\u00bbtext-align: center;\u00a0\u00bb border_style_all=\u00a0\u00bbnone\u00a0\u00bb border_radii_portrait=\u00a0\u00bbon|91px|91px|91px|91px\u00a0\u00bb global_colors_info=\u00a0\u00bb{}\u00a0\u00bb]<\/p>\n<p>\u00ab C&rsquo;\u00e9tait une bonne d\u00e9cision de faire appel \u00e0 un manager de transition de Wolkenblau. Nous avons r\u00e9alis\u00e9 deux grands projets durant cette p\u00e9riode. \u00bb<\/p>\n<p>[\/et_pb_testimonial][et_pb_testimonial author=\u00a0\u00bbRobert Habitzl\u00a0\u00bb job_title=\u00a0\u00bbPDG\u00a0\u00bb company_name=\u00a0\u00bbRHK Energy Solutions GmbH\u00a0\u00bb portrait_url=\u00a0\u00bbhttps:\/\/wolkenblau.at\/wp-content\/uploads\/sites\/5\/2024\/10\/RH-1.png\u00a0\u00bb quote_icon=\u00a0\u00bboff\u00a0\u00bb portrait_width=\u00a0\u00bb150px\u00a0\u00bb portrait_height=\u00a0\u00bb150px\u00a0\u00bb admin_label=\u00a0\u00bbDoris Sch\u00f6nleitner\u00a0\u00bb _builder_version=\u00a0\u00bb4.27.0&Prime; _dynamic_attributes=\u00a0\u00bblink_option_url\u00a0\u00bb _module_preset=\u00a0\u00bbdefault\u00a0\u00bb author_font=\u00a0\u00bb||||||||\u00a0\u00bb author_text_align=\u00a0\u00bbcenter\u00a0\u00bb use_background_color=\u00a0\u00bboff\u00a0\u00bb text_orientation=\u00a0\u00bbcenter\u00a0\u00bb link_option_url=\u00a0\u00bb@ET-DC@eyJkeW5hbWljIjp0cnVlLCJjb250ZW50IjoicG9zdF9saW5rX3VybF9wYWdlIiwic2V0dGluZ3MiOnsicG9zdF9pZCI6IjEzMTEzIiwiZW5hYmxlX2h0bWwiOiJvZmYifX0=@\u00a0\u00bb custom_css_main_element=\u00a0\u00bbtext-align: center;\u00a0\u00bb border_style_all=\u00a0\u00bbnone\u00a0\u00bb border_radii_portrait=\u00a0\u00bbon|91px|91px|91px|91px\u00a0\u00bb global_colors_info=\u00a0\u00bb{}\u00a0\u00bb]<\/p>\n<p>\u00ab<span class=\"NormalTextRun SCXW242076983 BCX9\">Peter \u00e9tait l\u00e0 au bon moment. Il ne s&rsquo;est pas seulement content\u00e9 de traiter les t\u00e2ches op\u00e9rationnelles et les retards, il a \u00e9galement \u00e9t\u00e9 un sparring-partner important pour moi. <\/span>\u00bb<\/p>\n<p>[\/et_pb_testimonial][\/et_pb_column][\/et_pb_row][\/et_pb_section][et_pb_section fb_built=\u00a0\u00bb1&Prime; _builder_version=\u00a0\u00bb4.21.0&Prime; _module_preset=\u00a0\u00bbdefault\u00a0\u00bb global_colors_info=\u00a0\u00bb{}\u00a0\u00bb][et_pb_row admin_label=\u00a0\u00bbMission\u00a0\u00bb _builder_version=\u00a0\u00bb4.21.2&Prime; _module_preset=\u00a0\u00bbdefault\u00a0\u00bb global_colors_info=\u00a0\u00bb{}\u00a0\u00bb][et_pb_column type=\u00a0\u00bb4_4&Prime; _builder_version=\u00a0\u00bb4.21.2&Prime; _module_preset=\u00a0\u00bbdefault\u00a0\u00bb global_colors_info=\u00a0\u00bb{}\u00a0\u00bb][et_pb_text admin_label=\u00a0\u00bbUnsere Leidenschaft\u00a0\u00bb _builder_version=\u00a0\u00bb4.21.2&Prime; _module_preset=\u00a0\u00bbdefault\u00a0\u00bb background_enable_color=\u00a0\u00bboff\u00a0\u00bb max_width=\u00a0\u00bb800px\u00a0\u00bb custom_margin=\u00a0\u00bb5rem||||false|false\u00a0\u00bb custom_padding=\u00a0\u00bb||||false|false\u00a0\u00bb global_colors_info=\u00a0\u00bb{}\u00a0\u00bb]<\/p>\n<h3><span style=\"color: #0a0a0a\">La gestion financi\u00e8re est notre passion<\/span><\/h3>\n<p>Vous \u00eates confront\u00e9 \u00e0 des difficult\u00e9s dans votre service financier ? Vous avez besoin d&rsquo;un soutien professionnel pour des projets sp\u00e9cialis\u00e9s financiers et de contr\u00f4le de gestion ?<\/p>\n<p>Quel que soit le d\u00e9fi ou la situation inattendue \u00e0 laquelle vous \u00eates confront\u00e9 : Nous vous aidons directement sur place, analysons le probl\u00e8me et d\u00e9veloppons des solutions adapt\u00e9es. Nous assumons la responsabilit\u00e9 du projet, abordons nous m\u00eame le probl\u00e8me et veillons \u00e0 la r\u00e9alisation finale afin que nos clients atteignent les objectifs souhait\u00e9s.<\/p>\n<p>[\/et_pb_text][\/et_pb_column][\/et_pb_row][et_pb_row column_structure=\u00a0\u00bb1_2,1_2&Prime; _builder_version=\u00a0\u00bb4.21.2&Prime; _module_preset=\u00a0\u00bbdefault\u00a0\u00bb custom_margin=\u00a0\u00bb||5rem||false|false\u00a0\u00bb global_colors_info=\u00a0\u00bb{}\u00a0\u00bb][et_pb_column type=\u00a0\u00bb1_2&Prime; _builder_version=\u00a0\u00bb4.21.0&Prime; _module_preset=\u00a0\u00bbdefault\u00a0\u00bb global_colors_info=\u00a0\u00bb{}\u00a0\u00bb][et_pb_team_member name=\u00a0\u00bbHans Havel\u00a0\u00bb image_url=\u00a0\u00bbhttps:\/\/wolkenblau.at\/wp-content\/uploads\/sites\/5\/2023\/07\/hans-havel.jpg\u00a0\u00bb admin_label=\u00a0\u00bbKontakt Hans\u00a0\u00bb module_id=\u00a0\u00bbmein Button\u00a0\u00bb module_class=\u00a0\u00bbmein Button\u00a0\u00bb _builder_version=\u00a0\u00bb4.27.4&Prime; _module_preset=\u00a0\u00bbdefault\u00a0\u00bb background_color=\u00a0\u00bb#F2F2F2&Prime; width=\u00a0\u00bb100%\u00a0\u00bb custom_padding=\u00a0\u00bb30px||30px|40px|false|false\u00a0\u00bb hover_enabled=\u00a0\u00bb0&Prime; custom_css_member_image=\u00a0\u00bbmax-width: 180px;||margin-bottom: 2rem;\u00a0\u00bb border_radii=\u00a0\u00bbon|10px|10px|10px|10px\u00a0\u00bb border_radii_image=\u00a0\u00bbon|100px|100px|100px|100px\u00a0\u00bb border_style_all_image=\u00a0\u00bbnone\u00a0\u00bb global_colors_info=\u00a0\u00bb{}\u00a0\u00bb sticky_enabled=\u00a0\u00bb0&Prime;]<\/p>\n<p>Vous voulez en savoir plus sur nos manager de transitions professionnels de la finance ? C&rsquo;est avec plaisir que je r\u00e9ponds a vos questions.<\/p>\n<p>Prenez votre rendez-vous pour un appel t\u00e9l\u00e9phonique :<\/p>\n<p>&nbsp;<\/p>\n<p><a class=\"et_pb_button et_pb_promo_button\" href=\"https:\/\/meetings-eu1.hubspot.com\/hans-havel\">Fixer un appel de 30 min<\/a><\/p>\n<p>[\/et_pb_team_member][\/et_pb_column][et_pb_column type=\u00a0\u00bb1_2&Prime; _builder_version=\u00a0\u00bb4.21.0&Prime; _module_preset=\u00a0\u00bbdefault\u00a0\u00bb global_colors_info=\u00a0\u00bb{}\u00a0\u00bb][et_pb_team_member name=\u00a0\u00bbMichael Krottmayer\u00a0\u00bb image_url=\u00a0\u00bbhttps:\/\/wolkenblau.at\/wp-content\/uploads\/sites\/5\/2023\/07\/michael-krottmayer.jpg\u00a0\u00bb admin_label=\u00a0\u00bbKontakt Michael\u00a0\u00bb module_id=\u00a0\u00bbmein Button\u00a0\u00bb module_class=\u00a0\u00bbmein Button\u00a0\u00bb _builder_version=\u00a0\u00bb4.27.4&Prime; _module_preset=\u00a0\u00bbdefault\u00a0\u00bb background_color=\u00a0\u00bb#f2f2f2&Prime; width=\u00a0\u00bb100%\u00a0\u00bb custom_padding=\u00a0\u00bb30px||30px|40px|false|false\u00a0\u00bb hover_enabled=\u00a0\u00bb0&Prime; custom_css_member_image=\u00a0\u00bbmax-width: 180px;||margin-bottom: 2rem;\u00a0\u00bb border_radii=\u00a0\u00bbon|10px|10px|10px|10px\u00a0\u00bb border_radii_image=\u00a0\u00bbon|5000px|5000px|5000px|5000px\u00a0\u00bb border_style_all_image=\u00a0\u00bbnone\u00a0\u00bb global_colors_info=\u00a0\u00bb{}\u00a0\u00bb sticky_enabled=\u00a0\u00bb0&Prime;]<\/p>\n<p>Vous voulez savoir comment nos manager de transition professionnels de la finance peuvent soutenir le changement dans votre entreprise ?<\/p>\n<p>Prenez votre rendez-vous pour un appel t\u00e9l\u00e9phonique :<\/p>\n<p><a class=\"et_pb_button et_pb_promo_button\" href=\"https:\/\/meetings-eu1.hubspot.com\/hans-havel\">Fixer un appel de 30 min<\/a><\/p>\n<p>[\/et_pb_team_member][\/et_pb_column][\/et_pb_row][\/et_pb_section]<\/p>\n","protected":false},"excerpt":{"rendered":"<p>Wolkenblauest v absolument l&rsquo;\u00e9quipe la plus brillantepour le management de transition en finance.Wolkenblauest v absolument l&rsquo;\u00e9quipe la plus brillantepour le management de transition en finance.Notre \u00e9quipe financi\u00e8re est \u00e0 vos c\u00f4t\u00e9s pour renforcer votre entreprise de mani\u00e8re durable. De la comptabilit\u00e9 au directeur financier, nous nous concentrons sur le respect des d\u00e9lais, la r\u00e9alisation des [&hellip;]<\/p>\n","protected":false},"author":9,"featured_media":0,"parent":0,"menu_order":0,"comment_status":"closed","ping_status":"closed","template":"","meta":{"_et_pb_use_builder":"on","_et_pb_old_content":"","_et_gb_content_width":"","footnotes":""},"class_list":["post-13072","page","type-page","status-publish","hentry"],"yoast_head":"<!-- This site is optimized with the Yoast SEO plugin v26.9 - https:\/\/yoast.com\/product\/yoast-seo-wordpress\/ -->\n<title>Wolkenblau : manager de transition des finances - Wolkenblau<\/title>\n<meta name=\"robots\" content=\"index, follow, max-snippet:-1, max-image-preview:large, max-video-preview:-1\" \/>\n<link rel=\"canonical\" href=\"https:\/\/wolkenblau.at\/fr\/\" \/>\n<meta property=\"og:locale\" content=\"fr_FR\" \/>\n<meta property=\"og:type\" content=\"article\" \/>\n<meta property=\"og:title\" content=\"Wolkenblau : manager de transition des finances - Wolkenblau\" \/>\n<meta property=\"og:description\" content=\"Wolkenblauest v absolument l&#039;\u00e9quipe la plus brillantepour le management de transition en finance.Wolkenblauest v absolument l&#039;\u00e9quipe la plus brillantepour le management de transition en finance.Notre \u00e9quipe financi\u00e8re est \u00e0 vos c\u00f4t\u00e9s pour renforcer votre entreprise de mani\u00e8re durable. De la comptabilit\u00e9 au directeur financier, nous nous concentrons sur le respect des d\u00e9lais, la r\u00e9alisation des [&hellip;]\" \/>\n<meta property=\"og:url\" content=\"https:\/\/wolkenblau.at\/fr\/\" \/>\n<meta property=\"og:site_name\" content=\"Wolkenblau\" \/>\n<meta property=\"article:modified_time\" content=\"2025-03-04T07:30:28+00:00\" \/>\n<meta property=\"og:image\" content=\"https:\/\/wolkenblau.at\/wp-content\/uploads\/sites\/5\/2023\/08\/wolkenblau-icon-bulb.png\" \/>\n<meta name=\"twitter:card\" content=\"summary_large_image\" \/>\n<meta name=\"twitter:label1\" content=\"Dur\u00e9e de lecture estim\u00e9e\" \/>\n\t<meta name=\"twitter:data1\" content=\"17 minutes\" \/>\n<script type=\"application\/ld+json\" class=\"yoast-schema-graph\">{\"@context\":\"https:\/\/schema.org\",\"@graph\":[{\"@type\":\"WebPage\",\"@id\":\"https:\/\/wolkenblau.at\/fr\/\",\"url\":\"https:\/\/wolkenblau.at\/fr\/\",\"name\":\"Wolkenblau : manager de transition des finances - Wolkenblau\",\"isPartOf\":{\"@id\":\"https:\/\/wolkenblau.at\/fr\/#website\"},\"primaryImageOfPage\":{\"@id\":\"https:\/\/wolkenblau.at\/fr\/#primaryimage\"},\"image\":{\"@id\":\"https:\/\/wolkenblau.at\/fr\/#primaryimage\"},\"thumbnailUrl\":\"https:\/\/wolkenblau.at\/wp-content\/uploads\/sites\/5\/2023\/08\/wolkenblau-icon-bulb.png\",\"datePublished\":\"2024-08-19T17:38:59+00:00\",\"dateModified\":\"2025-03-04T07:30:28+00:00\",\"breadcrumb\":{\"@id\":\"https:\/\/wolkenblau.at\/fr\/#breadcrumb\"},\"inLanguage\":\"fr-FR\",\"potentialAction\":[{\"@type\":\"ReadAction\",\"target\":[\"https:\/\/wolkenblau.at\/fr\/\"]}]},{\"@type\":\"ImageObject\",\"inLanguage\":\"fr-FR\",\"@id\":\"https:\/\/wolkenblau.at\/fr\/#primaryimage\",\"url\":\"https:\/\/wolkenblau.at\/wp-content\/uploads\/sites\/5\/2023\/08\/wolkenblau-icon-bulb.png\",\"contentUrl\":\"https:\/\/wolkenblau.at\/wp-content\/uploads\/sites\/5\/2023\/08\/wolkenblau-icon-bulb.png\"},{\"@type\":\"BreadcrumbList\",\"@id\":\"https:\/\/wolkenblau.at\/fr\/#breadcrumb\",\"itemListElement\":[{\"@type\":\"ListItem\",\"position\":1,\"name\":\"Startseite\",\"item\":\"https:\/\/wolkenblau.at\/fr\/\"},{\"@type\":\"ListItem\",\"position\":2,\"name\":\"Wolkenblau : manager de transition des finances\"}]},{\"@type\":\"WebSite\",\"@id\":\"https:\/\/wolkenblau.at\/fr\/#website\",\"url\":\"https:\/\/wolkenblau.at\/fr\/\",\"name\":\"Wolkenblau\",\"description\":\"Finance Interim Management\",\"publisher\":{\"@id\":\"https:\/\/wolkenblau.at\/fr\/#organization\"},\"potentialAction\":[{\"@type\":\"SearchAction\",\"target\":{\"@type\":\"EntryPoint\",\"urlTemplate\":\"https:\/\/wolkenblau.at\/fr\/?s={search_term_string}\"},\"query-input\":{\"@type\":\"PropertyValueSpecification\",\"valueRequired\":true,\"valueName\":\"search_term_string\"}}],\"inLanguage\":\"fr-FR\"},{\"@type\":\"Organization\",\"@id\":\"https:\/\/wolkenblau.at\/fr\/#organization\",\"name\":\"Wolkenblau\",\"url\":\"https:\/\/wolkenblau.at\/fr\/\",\"logo\":{\"@type\":\"ImageObject\",\"inLanguage\":\"fr-FR\",\"@id\":\"https:\/\/wolkenblau.at\/fr\/#\/schema\/logo\/image\/\",\"url\":\"https:\/\/wolkenblau.at\/wp-content\/uploads\/sites\/5\/2023\/08\/cropped-android-chrome-512x512-1.png\",\"contentUrl\":\"https:\/\/wolkenblau.at\/wp-content\/uploads\/sites\/5\/2023\/08\/cropped-android-chrome-512x512-1.png\",\"width\":512,\"height\":512,\"caption\":\"Wolkenblau\"},\"image\":{\"@id\":\"https:\/\/wolkenblau.at\/fr\/#\/schema\/logo\/image\/\"},\"sameAs\":[\"https:\/\/www.linkedin.com\/company\/wolkenblau\/?viewAsMember=true\"]}]}<\/script>\n<!-- \/ Yoast SEO plugin. -->","yoast_head_json":{"title":"Wolkenblau : manager de transition des finances - Wolkenblau","robots":{"index":"index","follow":"follow","max-snippet":"max-snippet:-1","max-image-preview":"max-image-preview:large","max-video-preview":"max-video-preview:-1"},"canonical":"https:\/\/wolkenblau.at\/fr\/","og_locale":"fr_FR","og_type":"article","og_title":"Wolkenblau : manager de transition des finances - Wolkenblau","og_description":"Wolkenblauest v absolument l'\u00e9quipe la plus brillantepour le management de transition en finance.Wolkenblauest v absolument l'\u00e9quipe la plus brillantepour le management de transition en finance.Notre \u00e9quipe financi\u00e8re est \u00e0 vos c\u00f4t\u00e9s pour renforcer votre entreprise de mani\u00e8re durable. De la comptabilit\u00e9 au directeur financier, nous nous concentrons sur le respect des d\u00e9lais, la r\u00e9alisation des [&hellip;]","og_url":"https:\/\/wolkenblau.at\/fr\/","og_site_name":"Wolkenblau","article_modified_time":"2025-03-04T07:30:28+00:00","og_image":[{"url":"https:\/\/wolkenblau.at\/wp-content\/uploads\/sites\/5\/2023\/08\/wolkenblau-icon-bulb.png","type":"","width":"","height":""}],"twitter_card":"summary_large_image","twitter_misc":{"Dur\u00e9e de lecture estim\u00e9e":"17 minutes"},"schema":{"@context":"https:\/\/schema.org","@graph":[{"@type":"WebPage","@id":"https:\/\/wolkenblau.at\/fr\/","url":"https:\/\/wolkenblau.at\/fr\/","name":"Wolkenblau : manager de transition des finances - Wolkenblau","isPartOf":{"@id":"https:\/\/wolkenblau.at\/fr\/#website"},"primaryImageOfPage":{"@id":"https:\/\/wolkenblau.at\/fr\/#primaryimage"},"image":{"@id":"https:\/\/wolkenblau.at\/fr\/#primaryimage"},"thumbnailUrl":"https:\/\/wolkenblau.at\/wp-content\/uploads\/sites\/5\/2023\/08\/wolkenblau-icon-bulb.png","datePublished":"2024-08-19T17:38:59+00:00","dateModified":"2025-03-04T07:30:28+00:00","breadcrumb":{"@id":"https:\/\/wolkenblau.at\/fr\/#breadcrumb"},"inLanguage":"fr-FR","potentialAction":[{"@type":"ReadAction","target":["https:\/\/wolkenblau.at\/fr\/"]}]},{"@type":"ImageObject","inLanguage":"fr-FR","@id":"https:\/\/wolkenblau.at\/fr\/#primaryimage","url":"https:\/\/wolkenblau.at\/wp-content\/uploads\/sites\/5\/2023\/08\/wolkenblau-icon-bulb.png","contentUrl":"https:\/\/wolkenblau.at\/wp-content\/uploads\/sites\/5\/2023\/08\/wolkenblau-icon-bulb.png"},{"@type":"BreadcrumbList","@id":"https:\/\/wolkenblau.at\/fr\/#breadcrumb","itemListElement":[{"@type":"ListItem","position":1,"name":"Startseite","item":"https:\/\/wolkenblau.at\/fr\/"},{"@type":"ListItem","position":2,"name":"Wolkenblau : manager de transition des finances"}]},{"@type":"WebSite","@id":"https:\/\/wolkenblau.at\/fr\/#website","url":"https:\/\/wolkenblau.at\/fr\/","name":"Wolkenblau","description":"Finance Interim Management","publisher":{"@id":"https:\/\/wolkenblau.at\/fr\/#organization"},"potentialAction":[{"@type":"SearchAction","target":{"@type":"EntryPoint","urlTemplate":"https:\/\/wolkenblau.at\/fr\/?s={search_term_string}"},"query-input":{"@type":"PropertyValueSpecification","valueRequired":true,"valueName":"search_term_string"}}],"inLanguage":"fr-FR"},{"@type":"Organization","@id":"https:\/\/wolkenblau.at\/fr\/#organization","name":"Wolkenblau","url":"https:\/\/wolkenblau.at\/fr\/","logo":{"@type":"ImageObject","inLanguage":"fr-FR","@id":"https:\/\/wolkenblau.at\/fr\/#\/schema\/logo\/image\/","url":"https:\/\/wolkenblau.at\/wp-content\/uploads\/sites\/5\/2023\/08\/cropped-android-chrome-512x512-1.png","contentUrl":"https:\/\/wolkenblau.at\/wp-content\/uploads\/sites\/5\/2023\/08\/cropped-android-chrome-512x512-1.png","width":512,"height":512,"caption":"Wolkenblau"},"image":{"@id":"https:\/\/wolkenblau.at\/fr\/#\/schema\/logo\/image\/"},"sameAs":["https:\/\/www.linkedin.com\/company\/wolkenblau\/?viewAsMember=true"]}]}},"_links":{"self":[{"href":"https:\/\/wolkenblau.at\/fr\/wp-json\/wp\/v2\/pages\/13072","targetHints":{"allow":["GET"]}}],"collection":[{"href":"https:\/\/wolkenblau.at\/fr\/wp-json\/wp\/v2\/pages"}],"about":[{"href":"https:\/\/wolkenblau.at\/fr\/wp-json\/wp\/v2\/types\/page"}],"author":[{"embeddable":true,"href":"https:\/\/wolkenblau.at\/fr\/wp-json\/wp\/v2\/users\/9"}],"replies":[{"embeddable":true,"href":"https:\/\/wolkenblau.at\/fr\/wp-json\/wp\/v2\/comments?post=13072"}],"version-history":[{"count":24,"href":"https:\/\/wolkenblau.at\/fr\/wp-json\/wp\/v2\/pages\/13072\/revisions"}],"predecessor-version":[{"id":13493,"href":"https:\/\/wolkenblau.at\/fr\/wp-json\/wp\/v2\/pages\/13072\/revisions\/13493"}],"wp:attachment":[{"href":"https:\/\/wolkenblau.at\/fr\/wp-json\/wp\/v2\/media?parent=13072"}],"curies":[{"name":"wp","href":"https:\/\/api.w.org\/{rel}","templated":true}]}}