{"id":13061,"date":"2024-08-13T15:02:01","date_gmt":"2024-08-13T13:02:01","guid":{"rendered":"https:\/\/wolkenblau.at\/mentions-legales\/"},"modified":"2024-08-13T15:02:01","modified_gmt":"2024-08-13T13:02:01","slug":"mentions-legales","status":"publish","type":"page","link":"https:\/\/wolkenblau.at\/fr\/mentions-legales\/","title":{"rendered":"Mentions l\u00e9gales"},"content":{"rendered":"<p>[et_pb_section fb_built=\u00a0\u00bb1&Prime; theme_builder_area=\u00a0\u00bbpost_content\u00a0\u00bb _builder_version=\u00a0\u00bb4.22.1&Prime; _module_preset=\u00a0\u00bbdefault\u00a0\u00bb][et_pb_row _builder_version=\u00a0\u00bb4.22.1&Prime; _module_preset=\u00a0\u00bbdefault\u00a0\u00bb theme_builder_area=\u00a0\u00bbpost_content\u00a0\u00bb][et_pb_column _builder_version=\u00a0\u00bb4.22.1&Prime; _module_preset=\u00a0\u00bbdefault\u00a0\u00bb type=\u00a0\u00bb4_4&Prime; theme_builder_area=\u00a0\u00bbpost_content\u00a0\u00bb][et_pb_text _builder_version=\u00a0\u00bb4.22.1&Prime; _module_preset=\u00a0\u00bbdefault\u00a0\u00bb theme_builder_area=\u00a0\u00bbpost_content\u00a0\u00bb hover_enabled=\u00a0\u00bb0&Prime; sticky_enabled=\u00a0\u00bb0&Prime;]<\/p>\n<h1>Mentions l\u00e9gales<\/h1>\n\n<!-- Legal document generated by Complianz | GDPR\/CCPA Cookie Consent https:\/\/wordpress.org\/plugins\/complianz-gdpr -->\n<div id=\"cmplz-document\" class=\"cmplz-document impressum cmplz-document-all\"><p><i>Cette imprint a \u00e9t\u00e9 mise \u00e0 jour pour la derni\u00e8re fois le 10. janvier 2025.<\/i><\/p><p class=\"cmplz-subtitle\">Le propri\u00e9taire de ce site web est\u00a0:<\/p><p>Wolkenblau Finanzmanagement GmbH <br>Gertrude-Fr\u00f6hlich-Sandner-Stra\u00dfe 2-4, Turm 9, Stock 9<br \/>\n1100 Wien<br>Autriche<br>E-mail\u00a0:&nbsp;<span class=\"cmplz-obfuscate\">offic&#101;@<span class=\"cmplz-fmail-domain\">&#101;&#120;.&#099;om<\/span>&#119;ol&#107;en&#098;lau&#046;&#097;t<\/span><br>Phone number: +43 664 202 4821<br><\/p><p class=\"cmplz-subtitle\">Le(s) repr\u00e9sentant(s) l\u00e9gal(aux) de Wolkenblau Finanzmanagement GmbH \u00a0:<\/p><p>Mag. Hans Havel<\/p><h2>1. G\u00e9n\u00e9ral<\/h2><p>Nous ne sommes ni dispos\u00e9s ni oblig\u00e9s de participer \u00e0 des proc\u00e9dures de r\u00e8glement des litiges devant une commission d\u2019arbitrage des consommateurs.<\/p><h2>2. Information compl\u00e9mentaire<\/h2><p><strong>Gesch\u00e4ftsf\u00fchrung:<\/strong> Mag. Hans Havel<br \/>\r\n<strong>Firmengericht:<\/strong> Handelsgericht Wien<br \/>\r\n<strong>Rechtsform:<\/strong> GmbH<br \/>\r\n<strong>Firmenbuchnummer:<\/strong> FN 539640p<br \/>\r\n<strong>UID:<\/strong> ATU 75960257<br \/>\r\n<br \/>\r\n<strong>Kammermitgliedschaft:<\/strong> WK Wien, FG Unternehmensberatung, Buchhaltung und Informationstechnologie<br \/>\r\n<strong>Aufrechte Gewerbeberechtigungen:<\/strong> Unternehmensberatung einschlie\u00dflich der Unternehmensorganisation<br \/>\r\n<br \/>\r\n<a href=\"https:\/\/firmen.wko.at\/wolkenblau-finanzmanagement-gmbh\/wien\/?firmaid=b3b6ba78-c7a1-4eb6-828c-d63a7b140953\" target=\"_blank\">Eintrag auf firmen.wko.at<\/a><\/p><\/div><p>[\/et_pb_text][\/et_pb_column][\/et_pb_row][\/et_pb_section]<\/p>\n","protected":false},"excerpt":{"rendered":"<p>Mentions l\u00e9gales<\/p>\n","protected":false},"author":8,"featured_media":0,"parent":0,"menu_order":0,"comment_status":"closed","ping_status":"closed","template":"","meta":{"_et_pb_use_builder":"on","_et_pb_old_content":"","_et_gb_content_width":"","footnotes":""},"class_list":["post-13061","page","type-page","status-publish","hentry"],"yoast_head":"<!-- This site is optimized with the Yoast SEO plugin v26.9 - https:\/\/yoast.com\/product\/yoast-seo-wordpress\/ -->\n<title>Mentions l\u00e9gales - Wolkenblau<\/title>\n<meta name=\"robots\" content=\"index, follow, max-snippet:-1, max-image-preview:large, max-video-preview:-1\" \/>\n<link rel=\"canonical\" href=\"https:\/\/wolkenblau.at\/fr\/mentions-legales\/\" \/>\n<meta property=\"og:locale\" content=\"fr_FR\" \/>\n<meta property=\"og:type\" content=\"article\" \/>\n<meta property=\"og:title\" content=\"Mentions l\u00e9gales - Wolkenblau\" \/>\n<meta property=\"og:description\" content=\"Mentions l\u00e9gales\" \/>\n<meta property=\"og:url\" content=\"https:\/\/wolkenblau.at\/fr\/mentions-legales\/\" \/>\n<meta property=\"og:site_name\" content=\"Wolkenblau\" \/>\n<meta name=\"twitter:card\" content=\"summary_large_image\" \/>\n<script type=\"application\/ld+json\" class=\"yoast-schema-graph\">{\"@context\":\"https:\/\/schema.org\",\"@graph\":[{\"@type\":\"WebPage\",\"@id\":\"https:\/\/wolkenblau.at\/fr\/mentions-legales\/\",\"url\":\"https:\/\/wolkenblau.at\/fr\/mentions-legales\/\",\"name\":\"Mentions l\u00e9gales - Wolkenblau\",\"isPartOf\":{\"@id\":\"https:\/\/wolkenblau.at\/fr\/#website\"},\"datePublished\":\"2024-08-13T13:02:01+00:00\",\"breadcrumb\":{\"@id\":\"https:\/\/wolkenblau.at\/fr\/mentions-legales\/#breadcrumb\"},\"inLanguage\":\"fr-FR\",\"potentialAction\":[{\"@type\":\"ReadAction\",\"target\":[\"https:\/\/wolkenblau.at\/fr\/mentions-legales\/\"]}]},{\"@type\":\"BreadcrumbList\",\"@id\":\"https:\/\/wolkenblau.at\/fr\/mentions-legales\/#breadcrumb\",\"itemListElement\":[{\"@type\":\"ListItem\",\"position\":1,\"name\":\"Startseite\",\"item\":\"https:\/\/wolkenblau.at\/fr\/\"},{\"@type\":\"ListItem\",\"position\":2,\"name\":\"Mentions l\u00e9gales\"}]},{\"@type\":\"WebSite\",\"@id\":\"https:\/\/wolkenblau.at\/fr\/#website\",\"url\":\"https:\/\/wolkenblau.at\/fr\/\",\"name\":\"Wolkenblau\",\"description\":\"Finance Interim Management\",\"publisher\":{\"@id\":\"https:\/\/wolkenblau.at\/fr\/#organization\"},\"potentialAction\":[{\"@type\":\"SearchAction\",\"target\":{\"@type\":\"EntryPoint\",\"urlTemplate\":\"https:\/\/wolkenblau.at\/fr\/?s={search_term_string}\"},\"query-input\":{\"@type\":\"PropertyValueSpecification\",\"valueRequired\":true,\"valueName\":\"search_term_string\"}}],\"inLanguage\":\"fr-FR\"},{\"@type\":\"Organization\",\"@id\":\"https:\/\/wolkenblau.at\/fr\/#organization\",\"name\":\"Wolkenblau\",\"url\":\"https:\/\/wolkenblau.at\/fr\/\",\"logo\":{\"@type\":\"ImageObject\",\"inLanguage\":\"fr-FR\",\"@id\":\"https:\/\/wolkenblau.at\/fr\/#\/schema\/logo\/image\/\",\"url\":\"https:\/\/wolkenblau.at\/wp-content\/uploads\/sites\/5\/2023\/08\/cropped-android-chrome-512x512-1.png\",\"contentUrl\":\"https:\/\/wolkenblau.at\/wp-content\/uploads\/sites\/5\/2023\/08\/cropped-android-chrome-512x512-1.png\",\"width\":512,\"height\":512,\"caption\":\"Wolkenblau\"},\"image\":{\"@id\":\"https:\/\/wolkenblau.at\/fr\/#\/schema\/logo\/image\/\"},\"sameAs\":[\"https:\/\/www.linkedin.com\/company\/wolkenblau\/?viewAsMember=true\"]}]}<\/script>\n<!-- \/ Yoast SEO plugin. -->","yoast_head_json":{"title":"Mentions l\u00e9gales - Wolkenblau","robots":{"index":"index","follow":"follow","max-snippet":"max-snippet:-1","max-image-preview":"max-image-preview:large","max-video-preview":"max-video-preview:-1"},"canonical":"https:\/\/wolkenblau.at\/fr\/mentions-legales\/","og_locale":"fr_FR","og_type":"article","og_title":"Mentions l\u00e9gales - Wolkenblau","og_description":"Mentions l\u00e9gales","og_url":"https:\/\/wolkenblau.at\/fr\/mentions-legales\/","og_site_name":"Wolkenblau","twitter_card":"summary_large_image","schema":{"@context":"https:\/\/schema.org","@graph":[{"@type":"WebPage","@id":"https:\/\/wolkenblau.at\/fr\/mentions-legales\/","url":"https:\/\/wolkenblau.at\/fr\/mentions-legales\/","name":"Mentions l\u00e9gales - Wolkenblau","isPartOf":{"@id":"https:\/\/wolkenblau.at\/fr\/#website"},"datePublished":"2024-08-13T13:02:01+00:00","breadcrumb":{"@id":"https:\/\/wolkenblau.at\/fr\/mentions-legales\/#breadcrumb"},"inLanguage":"fr-FR","potentialAction":[{"@type":"ReadAction","target":["https:\/\/wolkenblau.at\/fr\/mentions-legales\/"]}]},{"@type":"BreadcrumbList","@id":"https:\/\/wolkenblau.at\/fr\/mentions-legales\/#breadcrumb","itemListElement":[{"@type":"ListItem","position":1,"name":"Startseite","item":"https:\/\/wolkenblau.at\/fr\/"},{"@type":"ListItem","position":2,"name":"Mentions l\u00e9gales"}]},{"@type":"WebSite","@id":"https:\/\/wolkenblau.at\/fr\/#website","url":"https:\/\/wolkenblau.at\/fr\/","name":"Wolkenblau","description":"Finance Interim Management","publisher":{"@id":"https:\/\/wolkenblau.at\/fr\/#organization"},"potentialAction":[{"@type":"SearchAction","target":{"@type":"EntryPoint","urlTemplate":"https:\/\/wolkenblau.at\/fr\/?s={search_term_string}"},"query-input":{"@type":"PropertyValueSpecification","valueRequired":true,"valueName":"search_term_string"}}],"inLanguage":"fr-FR"},{"@type":"Organization","@id":"https:\/\/wolkenblau.at\/fr\/#organization","name":"Wolkenblau","url":"https:\/\/wolkenblau.at\/fr\/","logo":{"@type":"ImageObject","inLanguage":"fr-FR","@id":"https:\/\/wolkenblau.at\/fr\/#\/schema\/logo\/image\/","url":"https:\/\/wolkenblau.at\/wp-content\/uploads\/sites\/5\/2023\/08\/cropped-android-chrome-512x512-1.png","contentUrl":"https:\/\/wolkenblau.at\/wp-content\/uploads\/sites\/5\/2023\/08\/cropped-android-chrome-512x512-1.png","width":512,"height":512,"caption":"Wolkenblau"},"image":{"@id":"https:\/\/wolkenblau.at\/fr\/#\/schema\/logo\/image\/"},"sameAs":["https:\/\/www.linkedin.com\/company\/wolkenblau\/?viewAsMember=true"]}]}},"_links":{"self":[{"href":"https:\/\/wolkenblau.at\/fr\/wp-json\/wp\/v2\/pages\/13061","targetHints":{"allow":["GET"]}}],"collection":[{"href":"https:\/\/wolkenblau.at\/fr\/wp-json\/wp\/v2\/pages"}],"about":[{"href":"https:\/\/wolkenblau.at\/fr\/wp-json\/wp\/v2\/types\/page"}],"author":[{"embeddable":true,"href":"https:\/\/wolkenblau.at\/fr\/wp-json\/wp\/v2\/users\/8"}],"replies":[{"embeddable":true,"href":"https:\/\/wolkenblau.at\/fr\/wp-json\/wp\/v2\/comments?post=13061"}],"version-history":[{"count":1,"href":"https:\/\/wolkenblau.at\/fr\/wp-json\/wp\/v2\/pages\/13061\/revisions"}],"predecessor-version":[{"id":13062,"href":"https:\/\/wolkenblau.at\/fr\/wp-json\/wp\/v2\/pages\/13061\/revisions\/13062"}],"wp:attachment":[{"href":"https:\/\/wolkenblau.at\/fr\/wp-json\/wp\/v2\/media?parent=13061"}],"curies":[{"name":"wp","href":"https:\/\/api.w.org\/{rel}","templated":true}]}}